{"id":5,"date":"2026-09-01T00:17:26","date_gmt":"2026-08-31T22:17:26","guid":{"rendered":"https:\/\/scena.regina-ai.net\/blog\/?page_id=5"},"modified":"2026-09-01T00:17:26","modified_gmt":"2026-08-31T22:17:26","slug":"historia","status":"publish","type":"page","link":"https:\/\/scena.regina-ai.net\/blog\/historia\/","title":{"rendered":"Historia"},"content":{"rendered":"<p><strong>ANTECEDENTES HIST\u00d3RICOS<\/strong><\/p>\n<p>La actual Hermandad de la Sagrada Cena hunde sus ra\u00edces m\u00e1s remotas en sendas hermandades del Sant\u00edsimo Sacramento, erigidas en 1630 y 1631 respectivamente, fusionadas por decreto dictado por el obispo Agust\u00edn de Ayestar\u00e1n el 13 de febrero de 1799, cuyas reglas van a inspirar, en determinados aspectos, las normas de nuestra Hermandad, como se puso de manifiesto el 1\u00ba de mayo de 1985, cuando la Hermandad se constituye can\u00f3nicamente como cofrad\u00eda sacramental.<\/p>\n<p>M\u00e1s cercanos en el tiempo, hemos de rese\u00f1ar dos intentos fallidos. El primero corre a cargo de la Asociaci\u00f3n de Antiguos Alumnos Salesianos que, en 1952, cuando decide llevar a cabo la fundaci\u00f3n de la actual Hermandad del Prendimiento, el primer misterio en el que se piensa es el de la Sagrada Cena, pero los promotores de la idea se ven abocados a desistir de la misma en atenci\u00f3n al elevado presupuesto que presenta el imaginero sevillano Castillo Lastrucci. Por otra parte, en estas mismas fechas se comenta en la ciudad que otro grupo de cofrades est\u00e1 intentando crear otra hermandad, bajo la misma advocaci\u00f3n, en la parroquia de San Miguel, por lo que los salesianos se deciden por el pasaje del prendimiento de Cristo, que tampoco exist\u00eda en la ciudad.<\/p>\n<p><strong>FUNDACI\u00d3N DE LA HERMANDAD<\/strong><\/p>\n<p>La Muy Mariana Hermandad Sacramental de la Inmaculada Concepci\u00f3n, Santo Rosario de Nuestra Se\u00f1ora y Cofrad\u00eda de Nazarenos de Nuestro Padre Jes\u00fas de la Fe en su Sagrada Cena, Sant\u00edsimo Cristo de la Luz, Mar\u00eda Sant\u00edsima de la Esperanza del Valle y Beato \u00c1lvaro de C\u00f3rdoba nace en el seno de la tertulia cofrade \u201cEl Llamador\u201d, y m\u00e1s concretamente en el seno de un grupo de cofrades y miembros de la Adoraci\u00f3n Nocturna vinculados a la parroquia de la Trinidad, que deciden fundar esta Hermandad con la idea de rendir culto al Sant\u00edsimo Sacramento para lo cual, como ya ha quedado apuntado, recoge la tradici\u00f3n anterior.<\/p>\n<p>Por el primer Libro de Anales de la Hermandad sabemos que el 31 de octubre de 1983 se realiza la primera reuni\u00f3n. Como consecuencia de esta reuni\u00f3n se constituye una Junta Gestora. Efectivamente, el Libro de Actas de los Cabildos Ordinarios de Oficiales se abre este mismo d\u00eda con sendas diligencias firmadas, respectivamente, por el primer hermano mayor, Jos\u00e9 Ignacio Mart\u00ednez Morente y por el primer secretario, Hortilio Pereda Armayor.<\/p>\n<p>La primera sesi\u00f3n ordinaria del Cabildo de Oficiales tiene lugar el 27 de noviembre de 1983 en el domicilio particular de Antonio L\u00f3pez Raya, donde se encontraba depositada en aquellos momentos la imagen de Mar\u00eda Sant\u00edsima de la Esperanza del Valle, al no disponer la Hermandad de sede can\u00f3nica. A aquella primera reuni\u00f3n asisten las siguientes personas Fray Ricardo de C\u00f3rdoba, Crist\u00f3bal Prieto Cid, Srta. Torres Serrano, Sr. Mart\u00ednez Perea, Srta. Morente Barr\u00f3n, Jos\u00e9 Ignacio Mart\u00ednez Morente, Jos\u00e9 Fernando Prieto Cid, Antonio L\u00f3pez Raya, Sr. Almoguera Gonz\u00e1lez, Rafael del Pozo Almoguera, Sr. Almoguera Moriana, Antonio Prieto Cid, Sr. Cid. M.-Benagassi, Sra. G. de la Cruz Pineda de las Infantas, Sra. Jim\u00e9nez \u00c1lvarez, Hortilio Pereda Armayor.<\/p>\n<p>Una vez constituida formalmente, la nueva Corporaci\u00f3n comienza a dar sus primeros pasos en orden al reconocimiento oficial por parte de la Jerarqu\u00eda Eclesi\u00e1stica, b\u00fasqueda de sede can\u00f3nica e im\u00e1genes de los sagrados titulares.<\/p>\n<p><strong>PRIMEROS A\u00d1OS DE VIDA<\/strong><\/p>\n<p>El primer gran problema con que se encontraron los hermanos fundadores de nuestra Hermandad fue el de la sede can\u00f3nica. Por acuerdo un\u00e1nime del Cabildo de Oficiales reunido en sesi\u00f3n ordinaria celebrada el 19 de febrero de 1984, la Hermandad decide \u201cno residir en Templo alguno en que lo haga otra Hermandad y Cofrad\u00eda\u201d , aunque este acuerdo ser\u00e1 revocado al a\u00f1o siguiente, concretamente el 9 de abril de 1985, cuando se reconsidera el ofrecimiento formulado por Don Antonio G\u00f3mez Aguilar, p\u00e1rroco de la Trinidad, quien cede la antigua capilla bautismal, tras contemplar la imagen de Nuestra Se\u00f1ora de la Esperanza del Valle en el escaparate de Vellum S.A, una tienda de tejidos ya desaparecida, situada en la confluencia de las calles Alfonso XIII y Diego Le\u00f3n, junto a la popular farmacia \u201cEl Globo\u201d.<\/p>\n<p>No obstante, y para que quede constancia de los intentos fallidos que se llevaron a cabo, de acuerdo con el Libro de Actas de la Hermandad, fueron diez los templos, entre parroquias y \u00f3rdenes religiosas, los visitados por los fundadores en demanda de asilo, no obstante, en una entrevista publicada en el Diario C\u00d3RDOBA en 1987, se habla de m\u00e1s de 30. Es en el a\u00f1o 1986 cuando se produce el arranque definitivo de la Hermandad, pues es en ese a\u00f1o cuando se funda el Turno de Adoraci\u00f3n Nocturna Mar\u00eda Sant\u00edsima de la Esperanza del Valle, siendo la primera hermandad de penitencia en la ciudad que se incorpora a la Adoraci\u00f3n Nocturna con un turno propio de hermanos.<\/p>\n<p>El 11 de abril de 1987 se bendice de la primitiva imagen Titular del Se\u00f1or de la Fe en su Sagrada Cena, obra del escultor pontan\u00e9s Francisco Palos Chaparro. A partir de ese momento la Hermandad comienza a crecer en n\u00famero de hermanos y a ir incorporando nuevo patrimonio con el objetivo de poder realizar, en un futuro no muy lejano, estaci\u00f3n de penitencia por las calles de C\u00f3rdoba el d\u00eda del Amor Fraterno, el Jueves Santo.<\/p>\n<div class=\"wp-block-image\">\n<figure class=\"aligncenter\"><img loading=\"lazy\" decoding=\"async\" width=\"1162\" height=\"797\" src=\"https:\/\/scena.regina-ai.net\/blog\/wp-content\/uploads\/2026\/09\/1987-04-11_Bendicion-Antigua-Imagen-Senor-de-la-Fe-19.jpg\" alt=\"\" class=\"wp-image-1242\"><figcaption class=\"wp-element-caption\"><em>Primitivos Titulares de la Hermandad en la capilla del Bautismo de la Parroquia de la Trinidad, en el a\u00f1o 1989.<\/em><\/figcaption><\/figure>\n<\/div>\n<p><strong>D\u00c9CADA DE 1990<\/strong><\/p>\n<p>Con el objetivo de realizar el apostolado que acompa\u00f1ase al Se\u00f1or de la Fe en su Sagrada Cena en su estaci\u00f3n de penitencia, y al no ser posible seguir contando con el concurso de Palos Chaparro para ello, en mayo de 1992 se celebra un cabildo extraordinario en el que se decide buscar un nuevo imaginero para la realizaci\u00f3n del apostolado, recayendo la elecci\u00f3n en el joven artista cordob\u00e9s Miguel \u00c1ngel Gonz\u00e1lez Jurado; \u00e9ste propone a la Hermandad la conveniencia de que el grupo escult\u00f3rico fuese un proyecto global en el que se incluyesen no s\u00f3lo los ap\u00f3stoles, sino tambi\u00e9n la imagen del Se\u00f1or, para que la unidad de acci\u00f3n y la carga dram\u00e1tica necesarias en la concepci\u00f3n del conjunto escult\u00f3rico se pudiera lograr con las m\u00e1ximas garant\u00edas. As\u00ed, tras la junta general extraordinaria de 14 de junio de 1992 se acuerda encargar a Miguel \u00c1ngel Gonz\u00e1lez Jurado imaginero la ejecuci\u00f3n de todo el grupo escult\u00f3rico, incluida la imagen del Se\u00f1or. Cabe destacar que en ese mismo mes de junio de 1992 la Hermandad ingresa en la Agrupaci\u00f3n de Cofrad\u00edas de C\u00f3rdoba.<\/p>\n<p>La nueva imagen del Se\u00f1or de la Fe es bendecida el 24 de abril de 1993 en ceremonia concelebrada por don Miguel Castillejo, don Santiago G\u00f3mez, nuevo p\u00e1rroco de la Trinidad, y fray Ricardo de C\u00f3rdoba, hermano fundador de nuestra Hermandad. Como homenaje a monse\u00f1or don Antonio G\u00f3mez Aguilar, quien hab\u00eda fallecido unos meses antes, el c\u00e1liz que Cristo porta en sus manos es una reproducci\u00f3n del que usaba el querido y llorado Don Antonio.<\/p>\n<div class=\"wp-block-image\">\n<figure class=\"aligncenter is-resized\"><img loading=\"lazy\" decoding=\"async\" width=\"788\" height=\"1191\" src=\"https:\/\/scena.regina-ai.net\/blog\/wp-content\/uploads\/2026\/09\/1993-04-24_Bendicion-Imagen-Jesus-de-la-Fe-01.jpg\" alt=\"\" class=\"wp-image-1244\" style=\"width:500px;height:auto\"><figcaption class=\"wp-element-caption\"><em>Bendici\u00f3n de la actual imagen del Se\u00f1or de la Fe en su Sagrada Cena, el 24 de abril de 1993.<\/em><\/figcaption><\/figure>\n<\/div>\n<p>Es en el a\u00f1o 1994 cuando la Hermandad realiza su primera estaci\u00f3n de penitencia por las calles de C\u00f3rdoba el Jueves Santo por primera vez, partiendo desde el patio del Colegio de la Trinidad que se encuentra en la calle Gonz\u00e1lez L\u00f3pez. Los dos primeros a\u00f1os realiza estaci\u00f3n de penitencia \u00fanicamente con el Se\u00f1or de la Fe en su Sagrada Cena.<\/p>\n<div class=\"wp-block-image\">\n<figure class=\"aligncenter is-resized\"><img loading=\"lazy\" decoding=\"async\" width=\"816\" height=\"1024\" src=\"https:\/\/scena.regina-ai.net\/blog\/wp-content\/uploads\/2026\/09\/1994-03-31_ALBUM-Jueves-Santo-14-816x1024-1.jpg\" alt=\"\" class=\"wp-image-1245\" style=\"width:617px;height:auto\"><figcaption class=\"wp-element-caption\"><em>Primera salida procesional del Jueves Santo de 1994.<\/em><\/figcaption><\/figure>\n<\/div>\n<p>El 24 de marzo de 1996 es bendecido el conjunto del apostolado en la parroquia de la Trinidad y es incorporado, gracias al estreno del nuevo paso de misterio, a la estaci\u00f3n de penitencia del a\u00f1o 1996; ese a\u00f1o, debido a que la puerta del Colegio de la Trinidad no permit\u00eda la salida del nuevo paso por sus grandes dimensiones, la estaci\u00f3n de penitencia parti\u00f3 desde el cocher\u00f3n anexo del Convento de los Padres Capuchinos ubicado en la Plaza del mismo nombre. En 1997, tras acometer las actuaciones necesarias en la puerta del Colegio de la Trinidad, la Hermandad vuelve a realizar su estaci\u00f3n de penitencia desde el patio del Colegio de la calle Gonz\u00e1lez L\u00f3pez.<\/p>\n<div class=\"wp-block-image\">\n<figure class=\"aligncenter\"><img loading=\"lazy\" decoding=\"async\" width=\"781\" height=\"1024\" src=\"https:\/\/scena.regina-ai.net\/blog\/wp-content\/uploads\/2026\/09\/PRIMERA-SALIDA-DEL-MISTERIO-1996-781x1024-1.jpg\" alt=\"\" class=\"wp-image-1246\"><figcaption class=\"wp-element-caption\"><em>Primera salida del apostolado y el paso de misterio, Jueves Santo de 1996.<\/em><\/figcaption><\/figure>\n<\/div>\n<p>El hecho de no poder salir del interior de la parroquia de la Trinidad, am\u00e9n de tener que \u201ccompetir\u201d con el resto de las \u201cHermandades de centro\u201d para poder nutrirse de m\u00e1s hermanos en la n\u00f3mina de la Hermandad, hace que a finales de los 90 se decida realizar la b\u00fasqueda de una nueva Sede Can\u00f3nica en la que la Hermandad pueda realizar el crecimiento humano que necesitaba.<\/p>\n<p><strong>D\u00c9CADA DEL 2000<\/strong><\/p>\n<p>Cuando la Hermandad decide comprar el local de la calle Francisco Gonz\u00e1lez Panch\u00f3n para establecer en ella su nueva Casa de Hermandad, todav\u00eda no se hablaba de la eventual erecci\u00f3n de una parroquia en esta zona de Poniente y ni mucho menos de la construcci\u00f3n de un nuevo templo.<\/p>\n<p>El 8 de abril de 2000, Don Joaqu\u00edn P\u00e9rez Hern\u00e1ndez, p\u00e1rroco de la reci\u00e9n creada parroquia de Nuestra Se\u00f1ora de Consolaci\u00f3n (barrio de las Margaritas), nos ofrece lo que tiene, un templo que todav\u00eda no se ha construido, ni siquiera se ha redactado el proyecto, lo que nos da la oportunidad de contemplar con todo lujo de detalle la futura ubicaci\u00f3n de nuestros Sagrados Titulares, incluido el Misterio de la Cena, as\u00ed como la construcci\u00f3n de una puerta que permitiese iniciar y finalizar nuestra Estaci\u00f3n de Penitencia desde el interior del templo.<\/p>\n<p>El 4 de febrero de 2001, cuando todo estaba previsto para presentarnos en la nueva sede can\u00f3nica, se produce el cambio de titular en la parroquia Beato \u00c1lvaro de C\u00f3rdoba, haci\u00e9ndose cargo de la misma Don Tom\u00e1s Pajuelo Romero; como se hiciera en su d\u00eda, el Hermano Mayor, Pedro Rojas, acompa\u00f1ado por los hermanos Eduardo Palomino, V\u00edctor Rufo y Francisco Rom\u00e1n, realizan una visita al nuevo p\u00e1rroco para presentarle la Hermandad, como integrante de su feligres\u00eda, reuni\u00f3n de la que se saca una impresi\u00f3n favorable. El 1 de abril de 2001 se celebra Cabildo General Extraordinario donde, por unanimidad, se va a decidir solicitar al Sr. Obispo el cambio de sede a la parroquia Beato \u00c1lvaro de C\u00f3rdoba. Por fin, el 15 de mayo, d\u00eda de San Isidro Labrador, el Consejo Episcopal acuerda acceder al cambio de sede can\u00f3nica de la Hermandad, celebr\u00e1ndose la entrada oficial el 21 de junio siguiente, festividad de San Luis Gonzaga, al finalizar el primer d\u00eda de los cultos al Sant\u00edsimo Sacramento.<\/p>\n<div class=\"wp-block-image\">\n<figure class=\"aligncenter\"><img loading=\"lazy\" decoding=\"async\" width=\"1024\" height=\"538\" src=\"https:\/\/scena.regina-ai.net\/blog\/wp-content\/uploads\/2026\/09\/Apostolado2001-1024x538-1.jpg\" alt=\"\" class=\"wp-image-1247\"><figcaption class=\"wp-element-caption\"><em>Llegada a la Parroquia del Beato \u00c1lvaro de C\u00f3rdoba del misterio de la Sagrada Cena, octubre de 2001.<\/em><\/figcaption><\/figure>\n<\/div>\n<p>Cabe destacar que la estaci\u00f3n de penitencia de ese a\u00f1o 2001, debido al cambio de Sede Can\u00f3nica que la Hermandad hab\u00eda sufrido meses antes, tendr\u00eda comienzo y fin en la Santa Iglesia Catedral.<\/p>\n<div class=\"wp-block-image\">\n<figure class=\"aligncenter\"><img loading=\"lazy\" decoding=\"async\" width=\"429\" height=\"601\" src=\"https:\/\/scena.regina-ai.net\/blog\/wp-content\/uploads\/2026\/09\/2001-04_Jueves-de-Fe-en-la-SIC.jpg\" alt=\"\" class=\"wp-image-1249\"><figcaption class=\"wp-element-caption\"><em>Jueves Santo de 2001, con inicio y fin en la Santa Iglesia Catedral.<\/em><\/figcaption><\/figure>\n<\/div>\n<p>En el Cabildo General de Hermanos de car\u00e1cter Extraordinario de fecha 2 de diciembre de 2001 se aprueba la incorporaci\u00f3n a la Hermandad de la actual imagen de Mar\u00eda Sant\u00edsima, donada a la Hermandad por un grupo de hermanos liderado por Antonio Prieto Cid, antiguo Hermano Mayor de la Hermandad, realizada tambi\u00e9n por el imaginero Miguel \u00c1ngel Gonz\u00e1lez Jurado. El 18 de diciembre de ese mismo a\u00f1o fue bendecida la nueva imagen de Mar\u00eda Sant\u00edsima de la Esperanza del Valle por nuestro consiliario el reverendo padre Don Tom\u00e1s Pajuelo Romero en la Parroquia de Beato \u00c1lvaro de C\u00f3rdoba, donde ya estaba erigida can\u00f3nicamente la Hermandad.<\/p>\n<div class=\"wp-block-image\">\n<figure class=\"aligncenter\"><img loading=\"lazy\" decoding=\"async\" width=\"705\" height=\"1024\" src=\"https:\/\/scena.regina-ai.net\/blog\/wp-content\/uploads\/2026\/09\/2001-12_Bendicion-Esperanza-del-Valle-02-705x1024-1.jpg\" alt=\"\" class=\"wp-image-1248\"><figcaption class=\"wp-element-caption\"><em>Bendici\u00f3n de la actual imagen de Mar\u00eda Sant\u00edsima de la Esperanza del Valle, el 18 de diciembre de 2001.<\/em><\/figcaption><\/figure>\n<\/div>\n<p>En febrero de 2002 se hace efectiva la cesi\u00f3n de las primitivas im\u00e1genes de Nuestro Padre Jes\u00fas de la Fe y de Mar\u00eda Sant\u00edsima de la Esperanza del Valle a la Parroquia de Nuestra Se\u00f1ora de la Encarnaci\u00f3n de Santa Eufemia (C\u00f3rdoba), donde quedaron depositadas en el transcurso de un solemne oficio religioso; esta cesi\u00f3n tambi\u00e9n fue acordada en el Cabildo General de Hermanos Extraordinario celebrado el d\u00eda 2 de diciembre de 2001.<\/p>\n<p>A partir de ese a\u00f1o, la Hermandad experimenta un gran crecimiento en n\u00famero de hermanos y en n\u00famero de personas que realiza la estaci\u00f3n de penitencia el Jueves Santo, a pesar de la gran cantidad de horas de recorrido, convirti\u00e9ndose en toda una referencia para el Barrio de Poniente de nuestra ciudad. Durante estos primeros a\u00f1os en el Barrio de Poniente, la estaci\u00f3n de penitencia comienza desde el interior de la parroquia del Beato \u00c1lvaro de C\u00f3rdoba, pero al no poseer \u00e9sta una puerta de dimensiones suficientes, el paso de misterio se incorpora al cortejo saliendo desde la casa de Hermandad, en el Pasaje Francisco Gonz\u00e1lez Panch\u00f3n.<\/p>\n<div class=\"wp-block-image\">\n<figure class=\"aligncenter\"><img loading=\"lazy\" decoding=\"async\" width=\"1024\" height=\"679\" src=\"https:\/\/scena.regina-ai.net\/blog\/wp-content\/uploads\/2026\/09\/cortejo-1024x679-1.jpg\" alt=\"\" class=\"wp-image-1261\"><figcaption class=\"wp-element-caption\"><em>Cortejo nazareno en la Avenida de Guerrita, en el barrio de Poniente.<\/em><\/figcaption><\/figure>\n<\/div>\n<p>En mayo de 2002 la Hermandad realiza al primer Rosario de la Aurora con Mar\u00eda Sant\u00edsima de la Esperanza del Valle por las calles del barrio de Poniente y, posteriormente en el mes de junio, organiza la primera procesi\u00f3n de la Octava del Corpus Christi bendiciendo al barrio con el Sant\u00edsimo Sacramento portado por hermanos en parihuelas. Es en el a\u00f1o 2004 cuando el Sant\u00edsimo Sacramento recorre las calles de la feligres\u00eda portado a costal en el paso en el que procesion\u00f3 los dos primeros a\u00f1os Nuestro Padre Jes\u00fas de la Fe el Jueves Santo.<\/p>\n<div class=\"wp-block-image\">\n<figure class=\"aligncenter\"><img loading=\"lazy\" decoding=\"async\" width=\"683\" height=\"1024\" src=\"https:\/\/scena.regina-ai.net\/blog\/wp-content\/uploads\/2026\/09\/16_0128-683x1024-1.jpg\" alt=\"\" class=\"wp-image-1250\"><figcaption class=\"wp-element-caption\"><em>Primera celebraci\u00f3n de la Octava del Corpus Christi por el barrio de Poniente, el a\u00f1o 2002.<\/em><\/figcaption><\/figure>\n<\/div>\n<p>En noviembre del 2004 la Hermandad recibe la autorizaci\u00f3n del obispo de la di\u00f3cesis, Juan Jos\u00e9 Asenjo Pelegrina, para que las im\u00e1genes de los ap\u00f3stoles que acompa\u00f1an a Nuestro Padre Jes\u00fas de la Fe en el paso de misterio reciban culto en la capilla de nuestra sede can\u00f3nica. Es entonces cuando comienza a materializarse el proyecto de ornamentaci\u00f3n de la capilla en la que se veneran nuestros Sagrados Titulares para poder albergar todo el apostolado, proyecto que concluye el 19 de noviembre de 2005 con la bendici\u00f3n de los nuevos altares del apostolado y de Mar\u00eda Sant\u00edsima. Fue en ese a\u00f1o 2005 cuando el grupo escult\u00f3rico de la Sagrada Cena al completo preside el altar del Corpus Christi en la Plaza de las Tendillas con motivo de la celebraci\u00f3n del A\u00f1o de la Eucarist\u00eda.<\/p>\n<div class=\"wp-block-image\">\n<figure class=\"aligncenter\"><img loading=\"lazy\" decoding=\"async\" width=\"1024\" height=\"760\" src=\"https:\/\/scena.regina-ai.net\/blog\/wp-content\/uploads\/2026\/09\/Corpus2005-1024x760-1.jpg\" alt=\"\" class=\"wp-image-1251\"><figcaption class=\"wp-element-caption\"><em>El misterio de la Sagrada Cena preside el altar del Corpus Chisti en la Plaza de las Tendillas en 2005, A\u00f1o Eucar\u00edstico.<\/em><\/figcaption><\/figure>\n<\/div>\n<p>En 2006 la Hermandad organiza la Primera Edici\u00f3n del Preg\u00f3n del Costalero de los actos m\u00e1s destacados de la cuaresma cofrade cordobesa, evento que anualmente se viene organizando gracias a su gran acogida en el ambiente del mundo del costal de nuestra ciudad.<\/p>\n<p>En octubre de 2007 se concede a la Hermandad la licencia de obras para el proyecto de ampliaci\u00f3n de la capilla y la apertura de una nueva puerta con dimensiones suficientes para que pueda salir del interior de nuestra sede el paso de misterio el Jueves Santo, comenzando las obras en diciembre y estando acabadas en marzo de 2008. De esta forma, a partir del 2008 el cortejo procesional puede salir desde el interior de nuestra sede cada Jueves Santo.<\/p>\n<div class=\"wp-block-image\">\n<figure class=\"aligncenter\"><img loading=\"lazy\" decoding=\"async\" width=\"1024\" height=\"702\" src=\"https:\/\/scena.regina-ai.net\/blog\/wp-content\/uploads\/2026\/09\/2008-1024x702-1.jpg\" alt=\"\" class=\"wp-image-1252\"><figcaption class=\"wp-element-caption\"><em>Primera salida desde la capilla de la Parroquia Beato \u00c1lvaro de C\u00f3rdoba el Jueves Santo de 2008.<\/em><\/figcaption><\/figure>\n<\/div>\n<p>En febrero de 2008 se celebra un Cabildo General Extraordinario de Hermanos en el que se decide encargar la realizaci\u00f3n de la imagen de un crucificado que presida el altar mayor de nuestra sede y que recibir\u00e1 la advocaci\u00f3n de Sant\u00edsimo Cristo de la Luz. La portentosa talla del crucificado, realizada por el imaginero Edwin Gonz\u00e1lez, fue bendecida el 23 de noviembre de ese mismo a\u00f1o por el obispo de la di\u00f3cesis, Juan Jos\u00e9 Asenjo Pelegrina, y a partir de 2009 preside cada cuaresma el rezo del Santo V\u00eda-Crucis de la Hermandad por las calles de la feligres\u00eda.<\/p>\n<\/p>\n<div class=\"wp-block-image\">\n<figure class=\"aligncenter size-full\"><img loading=\"lazy\" decoding=\"async\" width=\"300\" height=\"400\" src=\"https:\/\/scena.regina-ai.net\/blog\/wp-content\/uploads\/2026\/09\/25.jpg\" alt=\"\" class=\"wp-image-2455\"><figcaption class=\"wp-element-caption\"><em>Bendici\u00f3n del Sant\u00edsimo Cristo de la Luz, el 23 de noviembre de 2008<\/em><\/figcaption><\/figure>\n<\/div>\n<\/p>\n<p><strong>D\u00c9CADA DEL 2010<\/strong><\/p>\n<p>La d\u00e9cada del 2010 comienza con la celebraci\u00f3n del XXV Aniversario Fundacional de la Hermandad, cuya apertura tuvo lugar el 6 de junio de 2009 con la presentaci\u00f3n del cartel conmemorativo de esta efem\u00e9ride, obra de nuestro hermano Rafael Cornejo Arribas, del logotipo del XXV Aniversario, obra de nuestro hermano Francisco Rom\u00e1n Morales, y el Preg\u00f3n del XXV Aniversario, pronunciado por nuestro hermano Francisco Rom\u00e1n Morales y presentado por nuestro hermano Crist\u00f3bal Prieto Cid.<\/p>\n<div class=\"wp-block-image\">\n<figure class=\"aligncenter\"><img loading=\"lazy\" decoding=\"async\" width=\"618\" height=\"898\" src=\"https:\/\/scena.regina-ai.net\/blog\/wp-content\/uploads\/2026\/09\/Cartel2010.png\" alt=\"\" class=\"wp-image-1253\"><figcaption class=\"wp-element-caption\"><em>Cartel del XXV Aniversario de la Hermandad, obra de N.H.D. Rafael Cornejo Arribas.<\/em><\/figcaption><\/figure>\n<\/div>\n<p>Dichos actos se prolongaron hasta el mes de junio de 2010, entre los que destacan la organizaci\u00f3n de un ciclo de conferencias formativas, el V\u00eda-Crucis de cuaresma las Hermandades de C\u00f3rdoba de 2010 presidido por el Sant\u00edsimo Cristo de la Luz y las 24 horas de Adoraci\u00f3n al Sant\u00edsimo Sacramento en la capilla junto a nuestros Sagrados Titulares, el principal acto del XXV Aniversario.<\/p>\n<div class=\"wp-block-image\">\n<figure class=\"aligncenter\"><img loading=\"lazy\" decoding=\"async\" width=\"300\" height=\"160\" src=\"https:\/\/scena.regina-ai.net\/blog\/wp-content\/uploads\/2026\/09\/LOGO-XXV-ANOSBJ-300x160-1.jpg\" alt=\"\" class=\"wp-image-1254\"><figcaption class=\"wp-element-caption\"><em>Logotipo del XXV Aniversario fundacional, obra de N.H.D. Francisco Rom\u00e1n Morales.<\/em><\/figcaption><\/figure>\n<\/div>\n<p>En cuaresma de a\u00f1o 2010 el Sant\u00edsimo Cristo de la Luz preside el V\u00eda Crucis de la Hermandades de C\u00f3rdoba que se celebra cada a\u00f1o en la Santa Iglesia Catedral. Para tal acto, la comitiva parte desde la Parroquia de la Trinidad, como conmemoraci\u00f3n del lugar donde tuvo lugar la fundaci\u00f3n y primeros a\u00f1os de vida de la Hermandad cuyo XXV aniversario se celebra, finalizando de nuevo en la Parroquia de la Trinidad el cortejo una vez realizado el rezo del V\u00eda Crucis en la S.I.C..<\/p>\n<div class=\"wp-block-image\">\n<figure class=\"aligncenter size-large\"><img loading=\"lazy\" decoding=\"async\" width=\"1024\" height=\"768\" src=\"https:\/\/scena.regina-ai.net\/blog\/wp-content\/uploads\/2026\/09\/IMG_6760-1-1024x768-1.jpg\" alt=\"\" class=\"wp-image-2357\"><figcaption class=\"wp-element-caption\"><em>El Sant\u00edsimo Cristo de la Luz preside el V\u00eda Crucis de la Hermandades de C\u00f3rdoba, cuaresma de 2010.<\/em><\/figcaption><\/figure>\n<\/div>\n<p>En abril de 2010 se celebra el acto central del XXV aniversario: las 24 horas de adoraci\u00f3n al Sant\u00edsimo Sacramento en la capilla de la Hermandad. Un acto \u00fanico y que supuso el c\u00e9nit del aniversario que se estaba celebrando. La participaci\u00f3n en dicho acto fue numerosa por parte de los hermanos de la Hermandad, del grupo de Adoraci\u00f3n Nocturna de la Hermandad y de un gran n\u00famero de entidades de la di\u00f3cesis que fueron invitadas. El acto se vio amenizado con una serie de charlas y coloquios que se realizaron en los salones parroquiales de nuestra sede can\u00f3nica.<\/p>\n<div class=\"wp-block-image\">\n<figure class=\"aligncenter size-large\"><img loading=\"lazy\" decoding=\"async\" width=\"1024\" height=\"681\" src=\"https:\/\/scena.regina-ai.net\/blog\/wp-content\/uploads\/2026\/09\/DSC_0152-1024x681-1.jpg\" alt=\"\" class=\"wp-image-2359\"><figcaption class=\"wp-element-caption\"><em>Acto de las 24 horas de adoraci\u00f3n al Sant\u00edsimo Sacramento en la capilla de la Hermandad.<\/em><\/figcaption><\/figure>\n<\/div>\n<p>En la procesi\u00f3n de la Octava del Corpus Christi de 2010 se incorpora al cortejo el paso de la Inmaculada Concepci\u00f3n, la cual es portada a costal por los m\u00e1s j\u00f3venes de nuestra Hermandad, sirviendo de escuela de aprendizaje para portar, cuando crezcan, a nuestros Sagrados Titulares en la estaci\u00f3n de penitencia del Jueves Santo.<\/p>\n<div class=\"wp-block-image\">\n<figure class=\"aligncenter\"><img loading=\"lazy\" decoding=\"async\" width=\"586\" height=\"718\" src=\"https:\/\/scena.regina-ai.net\/blog\/wp-content\/uploads\/2026\/09\/corpus.jpg\" alt=\"\" class=\"wp-image-1292\"><figcaption class=\"wp-element-caption\"><em>Procesi\u00f3n de la octava del Corpus Christi por las calles del barrio.<\/em><\/figcaption><\/figure>\n<\/div>\n<p>En enero de 2011 se funda la Agrupaci\u00f3n Musical Nuestro Padre Jes\u00fas de la Fes en su Sagrada Cena, una escuela de m\u00fasicos cuyo objetivo es poder acompa\u00f1ar alg\u00fan d\u00eda al Se\u00f1or de la Fe el Jueves Santo con sus rezos en forma de melod\u00eda. En marzo de 2013 se presenta al mundo cofrade la joven Agrupaci\u00f3n Musical, no s\u00f3lo por el poco tiempo que ha transcurrido desde que se fund\u00f3, sino por la edad media de sus componentes, una verdadera escuela de j\u00f3venes m\u00fasicos. A partir de entonces pasa a formar parte del cortejo procesional del Jueves Santo abriendo el mismo en cruz de gu\u00eda. Es en el a\u00f1o 2015 cuando, gracias a su evoluci\u00f3n tanto en el n\u00famero de componentes como en calidad, se encarga de acompa\u00f1ar al Se\u00f1or de la Fe cada Jueves Santo con sus sones de oraci\u00f3n.<\/p>\n<div class=\"wp-block-image\">\n<figure class=\"aligncenter\"><img loading=\"lazy\" decoding=\"async\" width=\"1024\" height=\"657\" src=\"https:\/\/scena.regina-ai.net\/blog\/wp-content\/uploads\/2026\/09\/banda-1024x657-1.jpg\" alt=\"\" class=\"wp-image-1297\"><figcaption class=\"wp-element-caption\"><em>El misterio de la Sagrada Cena acompa\u00f1ado musicalmente de la Agrupaci\u00f3n Musical de la Hermandad por primera vez en el Jueves Santo del a\u00f1o 2015.<\/em><\/figcaption><\/figure>\n<\/div>\n<p>En 2016 se incorpora al cortejo procesional las reliquias de nuestro titular el Beato \u00c1lvaro de C\u00f3rdoba, las cuales son portadas por tres hermanos nazarenos que visten h\u00e1bito nazareno con los colores de la orden dominica de predicadores y que se sit\u00faan en la antepresidencia que precede al paso de misterio.<\/p>\n<div class=\"wp-block-image\">\n<figure class=\"aligncenter\"><img loading=\"lazy\" decoding=\"async\" width=\"594\" height=\"888\" src=\"https:\/\/scena.regina-ai.net\/blog\/wp-content\/uploads\/2026\/09\/beato.jpg\" alt=\"\" class=\"wp-image-1295\"><figcaption class=\"wp-element-caption\"><em>Reliquia del Beato \u00c1lvaro de C\u00f3rdoba que procesiona desde el Jueves Santo del a\u00f1o 2016.<\/em><\/figcaption><\/figure>\n<\/div>\n<p>En 2018 se celebran los actos conmemorativos del XXV Aniversario de la bendici\u00f3n de Nuestro Padre Jes\u00fas de la Fe en su Sagrada Cena. La presentaci\u00f3n de los actos conmemorativos de esta efem\u00e9ride tuvo lugar el 22 de febrero, junto con la presentaci\u00f3n del cartel conmemorativo del XXV Aniversario de la bendici\u00f3n de Nuestro Padre Jes\u00fas de la Fe, obra de la prestigiosa pintora sevillana Nuria Barrera, y del logotipo de esta efem\u00e9ride, obra de nuestro hermano Francisco Rom\u00e1n. Entre los actos destaca la celebraci\u00f3n de un ciclo de conferencias en torno a la imagen de Nuestro Titular, la celebraci\u00f3n de un Quinario Extraordinario y la celebraci\u00f3n de un nuevo acto de 24 horas de Adoraci\u00f3n al Sant\u00edsimo Sacramento en nuestra capilla en la parroquia del Beato \u00c1lvaro de C\u00f3rdoba.<\/p>\n<div class=\"wp-block-image\">\n<figure class=\"aligncenter\"><img loading=\"lazy\" decoding=\"async\" width=\"656\" height=\"928\" src=\"https:\/\/scena.regina-ai.net\/blog\/wp-content\/uploads\/2026\/09\/cartel2018.jpg\" alt=\"\" class=\"wp-image-1256\"><figcaption class=\"wp-element-caption\"><em>Cartel conmemorativo del XXV Aniversario de la bendici\u00f3n de la actual imagen del Se\u00f1or de la Fe en su Sagrada Cena, obra de la pintora Sevilla Nuria Barrera, realizado en la cuaresma de 2018.<\/em><\/figcaption><\/figure>\n<\/div>\n<p>Es en 2019 cuando, despu\u00e9s de tantos a\u00f1os de esfuerzo y dedicaci\u00f3n de todos los hermanos, cuando Mar\u00eda Sant\u00edsima de la Esperanza del Valle acompa\u00f1a en su paso de palio a su bendito Hijo en la estaci\u00f3n de penitencia del Jueves Santo por las calles de C\u00f3rdoba. La bendici\u00f3n del paso de palio tuvo lugar el 31 de marzo a cargo de nuestro consiliario, el Muy Ilustre Se\u00f1or D.Tom\u00e1s Pajuelo Romero, can\u00f3nigo de la Santa Iglesia Catedral, y estuvo apadrinada por la Adoraci\u00f3n Nocturna, Red Madre y la Cruz Blanca.<\/p>\n<div class=\"wp-block-image\">\n<figure class=\"aligncenter\"><img loading=\"lazy\" decoding=\"async\" width=\"1024\" height=\"684\" src=\"https:\/\/scena.regina-ai.net\/blog\/wp-content\/uploads\/2026\/09\/palio-1024x684-1.jpg\" alt=\"\" class=\"wp-image-1257\"><figcaption class=\"wp-element-caption\"><em>Bendici\u00f3n del paso de palio de Mar\u00eda Sant\u00edsima de la Esperanza del Valle, en la cuaresma de 2019.<\/em><\/figcaption><\/figure>\n<\/div>\n<p>En septiembre de ese mismo a\u00f1o la Hermandad participa con el paso de misterio en la Magna Exposici\u00f3n \u201cPor tu Cruz redimiste al mundo\u201d, organizada por el Obispado de C\u00f3rdoba y la Agrupaci\u00f3n de Cofrad\u00edas en la Santa Iglesia Catedral; fue esa ocasi\u00f3n la primera vez que se pudo contemplar al misterio de la Sagrada Cena procesionando por las calles de la cuidad de manera extraordinaria.<\/p>\n<div class=\"wp-block-image\">\n<figure class=\"aligncenter\"><img loading=\"lazy\" decoding=\"async\" width=\"582\" height=\"808\" src=\"https:\/\/scena.regina-ai.net\/blog\/wp-content\/uploads\/2026\/09\/magna.jpg\" alt=\"\" class=\"wp-image-1258\"><figcaption class=\"wp-element-caption\"><em>El misterio de la Sagrada Cena en la Magna Exposici\u00f3n \u201cPor tu Cruz redimiste al mundo\u201d en la Santa Iglesia Catedral, en septiembre de 2019.<\/em><\/figcaption><\/figure>\n<\/div>\n<p><strong>D\u00c9CADA DEL 2020<\/strong><\/p>\n<p>La d\u00e9cada del 2020 quedar\u00e1 especialmente marcada en sus primeros a\u00f1os por la pandemia del COVID-19, la cual cambia radicalmente el modo de vida y de interactuar entre nosotros durante ella. <\/p>\n<p>Es en plena cuaresma del a\u00f1o 2020 cuando la crisis sanitaria derivada de la situaci\u00f3n de la pandemia obliga a la suspensi\u00f3n de cualquier actividad en la Hermandad, comenzando (por prudencia) con la suspensi\u00f3n del V\u00eda Crucis del Sant\u00edsimo Cristo de la Luz y, posteriormente, ya por obligaci\u00f3n, del resto de actividades, entre ellas la salida procesional del Jueves Santo de 2020. No obstante, gracias a las nuevas tecnolog\u00edas, se pudieron celebrar los actos de culto correspondientes y ser retransmitidos en directo por los canales de comunicaci\u00f3n y redes sociales de la Hermandad para que todos los hermanos pudieran participar de ellos.<\/p>\n<div class=\"wp-block-image\">\n<figure class=\"aligncenter size-large\"><img loading=\"lazy\" decoding=\"async\" width=\"1024\" height=\"682\" src=\"https:\/\/scena.regina-ai.net\/blog\/wp-content\/uploads\/2026\/09\/iglesias-jueves-santo1_xoptimizadax-kCdB-1352x900@abc-1024x682-1.jpg\" alt=\"\" class=\"wp-image-2341\"><figcaption class=\"wp-element-caption\"><em>Nuestros Sagrados Titulares el Jueves Santo del a\u00f1o 2020<\/em><\/figcaption><\/figure>\n<\/div>\n<p>En mayo de 2020 las restricciones derivadas de la crisis sanitaria permiten retomar la actividad interna de manera limitada, lo cual permiti\u00f3 desarrollar los cultos al Sant\u00edsimo Sacramento con naturalidad en nuestra sede can\u00f3nica en el mes de junio, si bien la salida procesional por las calles del barrio no se pudo realizar al no estar permitidas a\u00fan las salidas procesionales por el exterior, si bien se sustituy\u00f3 la misma por una vigila de adoraci\u00f3n el d\u00eda de la Fiesta de Regla. Igualmente, los cultos al Se\u00f1or de la Fe y a Mar\u00eda Sant\u00edsima de la Esperanza del Valle se celebraron con naturalidad en los meses de noviembre y diciembre respectivamente, si bien los besamanos quedaron sustituidos por sendas veneraciones conforme a lo permitido por la restricciones derivadas de la pandemia en ese momento.<\/p>\n<p>El a\u00f1o 2021 comienza de la misma forma que acaba el 2020, con las restricciones propias de la pandemia. La actividad de la Hermandad sigue estando reducida por las situaci\u00f3n sanitaria, si bien los cultos internos se desarrollan con normalidad. En cuaresma celebramos el V\u00eda Crucis al Sant\u00edsimo Cristo de la Luz en el interior de nuestra sede can\u00f3nica, al no poder realizar a\u00fan actividades en el exterior. <\/p>\n<p>En la Semana Santa de 2021, las salidas procesionales quedan sustituidas por veneraciones a nuestros Sagrados Titulares en las sedes can\u00f3nicas. Por tal motivo, la Hermandad realiza un montaje extraordinario en la capilla de la Hermandad, de cara a la calle, para que nuestros Sagrados Titulares pudieran ser venerados durante toda la Semana Santa (desde el viernes de dolores hasta el domingo de resurrecci\u00f3n), en el cual el apostolado se dispone de una forma \u00fanica en modo de pir\u00e1mide ascendente, siendo rematado por Nuestro Padre Jes\u00fas de la Fe, y estando Mar\u00eda Sant\u00edsima de la Esperanza del Valle a los pies del mismo pudiendo ser visitada a todo su alrededor para as\u00ed poder contemplarla en todos sus \u00e1ngulos y con todos sus detalles.<\/p>\n<div class=\"wp-block-image\">\n<figure class=\"aligncenter size-large\"><img loading=\"lazy\" decoding=\"async\" width=\"989\" height=\"1024\" src=\"https:\/\/scena.regina-ai.net\/blog\/wp-content\/uploads\/2026\/09\/MG_1171-989x1024-1.jpg\" alt=\"\" class=\"wp-image-2342\"><figcaption class=\"wp-element-caption\"><em>Altares dispuestos para la veneraci\u00f3n de nuestros Sagrados Titulares en la semana santa de 2021.<\/em><\/figcaption><\/figure>\n<\/div>\n<p>El Jueves Santo del a\u00f1o 2021 celebramos la estaci\u00f3n de penitencia y los Santo Oficios en nuestra sede can\u00f3nica por la tarde, pudiendo as\u00ed cumplir con lo establecido en nuestros estatutos. Igualmente se celebraron turnos de vela ante el Sant\u00edsimo Sacramento en el monumento de nuestra sede can\u00f3nica tras la celebraci\u00f3n de los Santos Oficios. Previamente por la ma\u00f1ana la junta de gobierno y los hermanos que as\u00ed lo desearon participaron en la celebraci\u00f3n del Jueves Santo en la Santa Iglesia Catedral junto con el resto de la Hermandades del d\u00eda, acto presidido por el Obispo de la Di\u00f3cesis, D. Demetrio Fern\u00e1ndez.<\/p>\n<div class=\"wp-block-image\">\n<figure class=\"aligncenter size-large\"><img loading=\"lazy\" decoding=\"async\" width=\"1024\" height=\"683\" src=\"https:\/\/scena.regina-ai.net\/blog\/wp-content\/uploads\/2026\/09\/acto-conjunto-cofradias35-1024x683-1.jpg\" alt=\"\" class=\"wp-image-2343\"><figcaption class=\"wp-element-caption\"><em>Acto de las hermandades del Jueves Santo en la Santa Iglesia Catedral, en el a\u00f1o 2021.<\/em><\/figcaption><\/figure>\n<\/div>\n<p>En mayo de 2021 celebramos el primer acto exterior tras la llegada de la pandemia del COVID-19, el rosario de la aurora de Mar\u00eda Sant\u00edsima de la Esperanza del Valle. Para dicha ocasi\u00f3n, la parihuela que albergaba a Mar\u00eda Sant\u00edsima se dispuso en la puerta principal de nuestra sede can\u00f3nica en un altar ef\u00edmero para tal ocasi\u00f3n y en el patio se colocaron sillas para que los asistentes al acto pudieran rezar el santo rosario junto a Mar\u00eda Sant\u00edsima.<\/p>\n<div class=\"wp-block-image\">\n<figure class=\"aligncenter size-full\"><img loading=\"lazy\" decoding=\"async\" width=\"849\" height=\"635\" src=\"https:\/\/scena.regina-ai.net\/blog\/wp-content\/uploads\/2026\/09\/Voz_Cordoba_01.jpg\" alt=\"\" class=\"wp-image-2344\"><figcaption class=\"wp-element-caption\"><em>Rosario de la Aurora de mayo de 2021, primer acto exterior tras la pandemia del COVID-19.<\/em><\/figcaption><\/figure>\n<\/div>\n<p>El resto de cultos internos que celebra la hermandad a lo largo del a\u00f1o 2021 se desarrollan con toda normalidad, si bien la salida procesional del Sant\u00edsimo Sacramento por las calles del barrio tampoco se lleva a cabo por las restricciones de la pandemia, con lo que se vuelve a sustituir por una vigilia de adoraci\u00f3n en nuestra sede can\u00f3nica (al igual que sucedi\u00f3 en el a\u00f1o 2020). <\/p>\n<p>Como novedad, el d\u00eda de la Inmaculada del 2021 se realiza la salida procesional de la Inmaculada Concepci\u00f3n por las calles del barrio, procesi\u00f3n organizada por y para los m\u00e1s j\u00f3venes de nuestra Hermandad. En este primer a\u00f1o que se realiza la misma en su d\u00eda (y no en la octava del Corpus como hasta entonces), hubo de realizarse los correspondientes test de ant\u00edgenos de COVID-19 a todos los miembros de la cuadrilla de costaleros, conforme a las recomendaciones sanitarias vigentes en ese momento, resultando todos negativos, pudiendo disfrutar as\u00ed de la primer salida procesional de la Hermandad tras la pandemia. <\/p>\n<p>Es en el a\u00f1o 2022 cuando las restricciones de la pandemia son mucho m\u00e1s laxas y la actividad de la Hermandad se relanza de nuevo. Comienzan los ensayos de costaleros en el mes de febrero, los repartos  de papeletas de sitio y h\u00e1bitos nazarenos en cuaresma, se realiza el V\u00eda Crucis con el Sant\u00edsimo Cristo de la Luz por las calles del barrio despu\u00e9s de dos a\u00f1os sin hacerlo y se prepara la Semana Santa para vivirla con la mayor de las naturalidades posibles, si bien siguiendo las restricciones sanitarias vigentes en ese momento.<\/p>\n<p>El Jueves Santo del a\u00f1o 2022 fue una explosi\u00f3n de j\u00fabilo, ilusi\u00f3n y alegr\u00eda al poder contemplar, por fin, el paso de palio de Mar\u00eda Sant\u00edsima de la Esperanza del Valle en la calle, pues en el a\u00f1o 2019 se qued\u00f3 en casa por causa de la lluvia y los anteriores a\u00f1os la pandemia no permiti\u00f3 la salida procesional. Una gran cantidad de emociones estaban a flor de piel en todos los hermanos cuando en el interior de la capilla se produjo la primera levant\u00e1 del paso de palio a cargo de nuestro consiliario D. Tom\u00e1s Pajuelo \u00ab<em>Por todos aquellos que ya no est\u00e1n con nosotros y que tanto hicieron para que hoy Mar\u00eda Sant\u00edsima pueda salir a repartir Esperanza a todo el que lo necesite<\/em>\u00ab. Tras el Himno Nacional suena <em>La Esperanza del Valle<\/em>, la primera marcha dedicada a nuestra Titular Mariana (compuesta por D. Alfonso Lozano y estrenada en cuaresma de 2019), sin duda un momento hist\u00f3rico para la Hermandad.<\/p>\n<div class=\"wp-block-image\">\n<figure class=\"aligncenter size-large\"><img loading=\"lazy\" decoding=\"async\" width=\"683\" height=\"1024\" src=\"https:\/\/scena.regina-ai.net\/blog\/wp-content\/uploads\/2026\/09\/MG_8125-Editar-683x1024-1.jpg\" alt=\"\" class=\"wp-image-2345\"><figcaption class=\"wp-element-caption\"><em>Salida del paso de palio desde la capilla el Jueves Santo de 2022.<\/em><\/figcaption><\/figure>\n<\/div>\n<p>Durante el resto del curso 2022 la actividad de la Hermandad vuelve a realizarse con toda naturalidad: la cruz de mayo, el rosario de la aurora en el mes de mayo, la caseta de feria y la salida procesional de la octava del Corpus Christi por las calles del barrio (este a\u00f1o se visita con el Sant\u00edsimo Sacramento la capilla anexa a nuestra Parroquia del Beato Crist\u00f3bal de Santa Catalina, en la parte de nueva construcci\u00f3n de nuestra feligres\u00eda).<\/p>\n<p>El a\u00f1o 2023 destaca por la incorporaci\u00f3n en el cortejo de la procesi\u00f3n del Corpus Christi de la ciudad del paso de misterio de la Sagrada Cena, un anhelo que la Hermandad persegu\u00eda desde hac\u00eda muchos a\u00f1os. Para tal motivo, y debido a las restricciones derivadas del recorrido de la procesi\u00f3n oficial por las estrechas calles de la juder\u00eda cordobesa, el misterio de la Sagrada Cena debe de instalarse en el paso del Corpus Christi de la Hermandad, el cual posee una dimensiones m\u00e1s reducidas que le permite transitar por los enclaves m\u00e1s estrechos de la juder\u00eda. La puesta en escena del apostolado en este paso, si bien algo m\u00e1s ajustada de lo deseado por las circunstancias, permite que la imagen del Se\u00f1or de la Fe se pueda apreciar con mayor detalle que en su paso procesional, gracias a la menor altura del conjunto y a la mayor cercan\u00eda de las im\u00e1genes al p\u00fablico en general. El traslado del paso se realiza el mismo domingo por la ma\u00f1ana a la S.I.C. desde nuestra sede can\u00f3nica y se traslada de vuelta tras la finalizaci\u00f3n de la procesi\u00f3n del Corpus Christi. Cabe destacar que, durante la procesi\u00f3n del Corpus Christi, el paso de misterio va acompa\u00f1ado por banda de m\u00fasica completa.  <\/p>\n<div class=\"wp-block-image\">\n<figure class=\"aligncenter size-large\"><img loading=\"lazy\" decoding=\"async\" width=\"1024\" height=\"683\" src=\"https:\/\/scena.regina-ai.net\/blog\/wp-content\/uploads\/2026\/09\/corpus-cordoba-domingo38_xoptimizadax-1024x683-1.webp\" alt=\"\" class=\"wp-image-2348\"><figcaption class=\"wp-element-caption\"><em>Primera participaci\u00f3n del misterio de la Sagrada Cena en la procesi\u00f3n del Corpus Chisti, a\u00f1o 2023.<\/em><\/figcaption><\/figure>\n<\/div>\n<p>En los solemnes cultos al Se\u00f1or de la Fe de noviembre de 2023 se estrena un nuevo dosel de cultos de mayor envergadura que el anterior, dise\u00f1ado por la priost\u00eda de la Hermandad y realizado en los talleres de costura de la Hermandad, que viene a dar mayor realce si cabe a nuestros Sagrados Titulares en sus solemnes cultos. <\/p>\n<div class=\"wp-block-image\">\n<figure class=\"aligncenter size-large\"><img loading=\"lazy\" decoding=\"async\" width=\"684\" height=\"1024\" src=\"https:\/\/scena.regina-ai.net\/blog\/wp-content\/uploads\/2026\/09\/1735423064014-684x1024-1.jpg\" alt=\"\" class=\"wp-image-2350\"><figcaption class=\"wp-element-caption\"><em>Nuevo dosel de cultos estrenado en los cultos al Se\u00f1or de la Fe en noviembre de 2023<\/em><\/figcaption><\/figure>\n<\/div>\n<p>En el a\u00f1o 2024 podemos destacar la reforma de los estatutos de nuestra Hermandad que se llevan a cabo para adaptarlos al Estatuto Marco y para modernizar aquellos aspectos que, con el tiempo, han quedado obsoletos o faltos de regulaci\u00f3n. Igualmente destaca la adquisici\u00f3n de una nave en el Pol\u00edgono de la Torrecilla, tras ratificaci\u00f3n del correspondiente Cabildo de Hermanos, un nuevo inmueble que vendr\u00e1 a desahogar las necesidades de almacenamiento y de espacio que la Hermandad va requiriendo con los a\u00f1os y con la mayor cantidad de enseres patrimoniales que va adquiriendo. <\/p>\n<p>La hermandad vuelve a participar en el cortejo de la procesi\u00f3n del Corpus Christi de la ciudad con el paso de misterio de la Sagrada Cena. En este a\u00f1o, el traslado del paso a la S.I.C. desde nuestra sede can\u00f3nica se realiza en la tarde de la v\u00edspera a la celebraci\u00f3n de la procesi\u00f3n, manteniendo el traslado de vuelta a la nuestra sede can\u00f3nica tras la finalizaci\u00f3n de la procesi\u00f3n del Corpus Christi. <\/p>\n","protected":false},"excerpt":{"rendered":"<p>ANTECEDENTES HIST\u00d3RICOS La actual Hermandad de la Sagrada Cena hunde sus ra\u00edces m\u00e1s remotas en sendas hermandades del Sant\u00edsimo Sacramento, erigidas en 1630 y 1631 respectivamente, fusionadas por decreto dictado &#8230;<\/p>\n","protected":false},"author":0,"featured_media":6,"parent":0,"menu_order":0,"comment_status":"closed","ping_status":"closed","template":"","meta":{"footnotes":""},"class_list":["post-5","page","type-page","status-publish","has-post-thumbnail","hentry"],"_links":{"self":[{"href":"https:\/\/scena.regina-ai.net\/blog\/wp-json\/wp\/v2\/pages\/5","targetHints":{"allow":["GET"]}}],"collection":[{"href":"https:\/\/scena.regina-ai.net\/blog\/wp-json\/wp\/v2\/pages"}],"about":[{"href":"https:\/\/scena.regina-ai.net\/blog\/wp-json\/wp\/v2\/types\/page"}],"replies":[{"embeddable":true,"href":"https:\/\/scena.regina-ai.net\/blog\/wp-json\/wp\/v2\/comments?post=5"}],"version-history":[{"count":3,"href":"https:\/\/scena.regina-ai.net\/blog\/wp-json\/wp\/v2\/pages\/5\/revisions"}],"predecessor-version":[{"id":62,"href":"https:\/\/scena.regina-ai.net\/blog\/wp-json\/wp\/v2\/pages\/5\/revisions\/62"}],"wp:featuredmedia":[{"embeddable":true,"href":"https:\/\/scena.regina-ai.net\/blog\/wp-json\/wp\/v2\/media\/6"}],"wp:attachment":[{"href":"https:\/\/scena.regina-ai.net\/blog\/wp-json\/wp\/v2\/media?parent=5"}],"curies":[{"name":"wp","href":"https:\/\/api.w.org\/{rel}","templated":true}]}}